{"id":78,"date":"2020-05-18T22:50:42","date_gmt":"2020-05-18T22:50:42","guid":{"rendered":"https:\/\/demosites.io\/winery-gb\/?page_id=78"},"modified":"2024-05-12T13:37:29","modified_gmt":"2024-05-12T11:37:29","slug":"cf5e5-home","status":"publish","type":"page","link":"https:\/\/www.hostalcolon.es\/web\/","title":{"rendered":"Inicio"},"content":{"rendered":"\n<section id=\"wp-block-themeisle-blocks-advanced-columns-faf6acdf\" class=\"wp-block-themeisle-blocks-advanced-columns alignfull has-1-columns has-desktop-equal-layout has-tablet-equal-layout has-mobile-equal-layout has-vertical-center\"><div class=\"wp-block-themeisle-blocks-advanced-columns-overlay\"><\/div><div class=\"innerblocks-wrap\">\n<div id=\"wp-block-themeisle-blocks-advanced-column-7ec5acd4\" class=\"wp-block-themeisle-blocks-advanced-column\">\n<h4 class=\"wp-block-heading has-text-align-center has-white-color has-text-color\"><strong>UN HOSTAL CONFORTABLE SITUADO EN PLENO CORAZ\u00d3N DE LA CIUDAD<\/strong><\/h4>\n\n\n\n<h1 id=\"wp-block-themeisle-blocks-advanced-heading-8518d26d\" class=\"wp-block-themeisle-blocks-advanced-heading wp-block-themeisle-blocks-advanced-heading-8518d26d\"><strong>Hostal Col\u00f3n<\/strong><\/h1>\n\n\n\n<div class=\"wp-block-buttons is-horizontal is-content-justification-center is-layout-flex wp-container-core-buttons-is-layout-499968f5 wp-block-buttons-is-layout-flex\"><\/div>\n<\/div>\n<\/div><\/section>\n\n\n\n<div id=\"wp-block-themeisle-blocks-advanced-columns-cb14bf1a\" class=\"wp-block-themeisle-blocks-advanced-columns alignfull has-1-columns has-desktop-equal-layout has-tablet-equal-layout has-mobile-equal-layout has-vertical-unset\"><div class=\"wp-block-themeisle-blocks-advanced-columns-overlay\"><\/div><div class=\"innerblocks-wrap\">\n<div id=\"wp-block-themeisle-blocks-advanced-column-b5fdf1ec\" class=\"wp-block-themeisle-blocks-advanced-column\">\n<h2 class=\"wp-block-heading has-text-align-center has-neve-link-hover-color-color has-text-color\">Por qu\u00e9 elegirnos?<\/h2>\n<\/div>\n<\/div><\/div>\n\n\n\n<div id=\"wp-block-themeisle-blocks-advanced-columns-68b18d08\" class=\"wp-block-themeisle-blocks-advanced-columns alignfull has-3-columns has-desktop-equal-layout has-tablet-equal-layout has-mobile-collapsedRows-layout has-vertical-unset\"><div class=\"wp-block-themeisle-blocks-advanced-columns-overlay\"><\/div><div class=\"innerblocks-wrap\">\n<div id=\"wp-block-themeisle-blocks-advanced-column-9d380373\" class=\"wp-block-themeisle-blocks-advanced-column\">\n<div id=\"wp-block-themeisle-blocks-button-group-44055843\" class=\"wp-block-themeisle-blocks-button-group wp-block-buttons align-center\">\n<div id=\"wp-block-themeisle-blocks-button-ddc84e7d\" class=\"wp-block-themeisle-blocks-button wp-block-button\"><a href=\"\" target=\"_self\" rel=\"noopener noreferrer\" class=\"wp-block-button__link\"><i class=\"fas fa-fw fa-map-marker-alt\"><\/i><\/a><\/div>\n<\/div>\n\n\n\n<h3 class=\"wp-block-heading has-text-align-center\">C\u00e9ntrico<\/h3>\n\n\n\n<p class=\"has-text-align-center\">Estamos situados en el coraz\u00f3n de la ciudad, junto a la Catedral, la zona monumental y comercial.<\/p>\n\n\n\n<p class=\"has-text-align-center\">Podr\u00e1 acceder andando a las playas de la Caleta y Santa Mar\u00eda del Mar. Nuestra privilegiada ubicaci\u00f3n le permite disfrutar del ambiente de Carnaval y de Semana Santa a escasos metros.<\/p>\n<\/div>\n\n\n\n<div id=\"wp-block-themeisle-blocks-advanced-column-2c9ecad5\" class=\"wp-block-themeisle-blocks-advanced-column\">\n<div id=\"wp-block-themeisle-blocks-button-group-790b33ee\" class=\"wp-block-themeisle-blocks-button-group wp-block-buttons align-center\">\n<div id=\"wp-block-themeisle-blocks-button-824a190b\" class=\"wp-block-themeisle-blocks-button wp-block-button\"><a href=\"\" target=\"_self\" rel=\"noopener noreferrer\" class=\"wp-block-button__link\"><i class=\"far fa-fw fa-smile\"><\/i><\/a><\/div>\n<\/div>\n\n\n\n<h3 class=\"wp-block-heading has-text-align-center\">Bien equipado<\/h3>\n\n\n\n<p class=\"has-text-align-center\">Habitaciones con decoraci\u00f3n personalizada y aire acondicionado, calefacci\u00f3n, televisi\u00f3n y ba\u00f1o completo con secador de pelo.<\/p>\n\n\n\n<p class=\"has-text-align-center\">Disponemos de una terraza com\u00fan.<\/p>\n\n\n\n<p class=\"has-text-align-center\">Importante edificio de tres plantas sin ascensor.<\/p>\n<\/div>\n\n\n\n<div id=\"wp-block-themeisle-blocks-advanced-column-ef301404\" class=\"wp-block-themeisle-blocks-advanced-column\">\n<div id=\"wp-block-themeisle-blocks-button-group-715d4812\" class=\"wp-block-themeisle-blocks-button-group wp-block-buttons align-center\">\n<div id=\"wp-block-themeisle-blocks-button-db11a831\" class=\"wp-block-themeisle-blocks-button wp-block-button\"><a href=\"\" target=\"_self\" rel=\"noopener noreferrer\" class=\"wp-block-button__link\"><i class=\"fas fa-fw fa-briefcase\"><\/i><\/a><\/div>\n<\/div>\n\n\n\n<h3 class=\"wp-block-heading has-text-align-center\">Le ayudamos<\/h3>\n\n\n\n<p class=\"has-text-align-center\">Ideal tanto si viene como turista como si viene por motivos profesionales. Encantados de atenderle e informarle de toda la oferta de actividades que oferta la ciudad.<\/p>\n\n\n\n<p class=\"has-text-align-center\">Podr\u00e1s encontrar aparcamiento cercano, de pago a escasos metros.<\/p>\n<\/div>\n<\/div><\/div>\n\n\n\n<div id=\"wp-block-themeisle-blocks-advanced-columns-98a3b773\" class=\"wp-block-themeisle-blocks-advanced-columns has-1-columns has-desktop-equal-layout has-tablet-equal-layout has-mobile-equal-layout has-vertical-unset\"><div class=\"wp-block-themeisle-blocks-advanced-columns-overlay\"><\/div><div class=\"innerblocks-wrap\">\n<div id=\"wp-block-themeisle-blocks-advanced-column-1e42b932\" class=\"wp-block-themeisle-blocks-advanced-column\">\n<div class=\"wp-block-columns is-layout-flex wp-container-core-columns-is-layout-9d6595d7 wp-block-columns-is-layout-flex\">\n<div class=\"wp-block-column is-layout-flow wp-block-column-is-layout-flow\"><div class=\"wp-block-image\">\n<figure class=\"aligncenter size-thumbnail\"><img loading=\"lazy\" decoding=\"async\" width=\"150\" height=\"150\" data-attachment-id=\"745\" data-permalink=\"https:\/\/www.hostalcolon.es\/web\/no-mascotas\/\" data-orig-file=\"https:\/\/www.hostalcolon.es\/web\/wp-content\/uploads\/2024\/01\/no-mascotas.jpg\" data-orig-size=\"770,787\" data-comments-opened=\"1\" data-image-meta=\"{&quot;aperture&quot;:&quot;0&quot;,&quot;credit&quot;:&quot;&quot;,&quot;camera&quot;:&quot;&quot;,&quot;caption&quot;:&quot;&quot;,&quot;created_timestamp&quot;:&quot;0&quot;,&quot;copyright&quot;:&quot;&quot;,&quot;focal_length&quot;:&quot;0&quot;,&quot;iso&quot;:&quot;0&quot;,&quot;shutter_speed&quot;:&quot;0&quot;,&quot;title&quot;:&quot;&quot;,&quot;orientation&quot;:&quot;0&quot;}\" data-image-title=\"no-mascotas\" data-image-description=\"\" data-image-caption=\"\" data-large-file=\"https:\/\/www.hostalcolon.es\/web\/wp-content\/uploads\/2024\/01\/no-mascotas.jpg\" src=\"https:\/\/www.hostalcolon.es\/web\/wp-content\/uploads\/2024\/01\/no-mascotas-150x150.jpg\" alt=\"\" class=\"wp-image-745\"\/><\/figure>\n<\/div><\/div>\n\n\n\n<div class=\"wp-block-column is-layout-flow wp-block-column-is-layout-flow\">\n<div style=\"height:30px\" aria-hidden=\"true\" class=\"wp-block-spacer\"><\/div>\n\n\n\n<div class=\"wp-block-buttons alignwide is-content-justification-center is-layout-flex wp-container-core-buttons-is-layout-16018d1d wp-block-buttons-is-layout-flex\">\n<div class=\"wp-block-button is-style-primary\"><a class=\"wp-block-button__link wp-element-button\" href=\"https:\/\/www.hostalcolon.es\/web\/reglamento-de-regimen-interior\/\" target=\"_blank\" rel=\"noreferrer noopener\">REGLAMENTO DE R\u00c9GIMEN INTERIOR<\/a><\/div>\n<\/div>\n<\/div>\n<\/div>\n\n\n\n<p class=\"has-text-align-center\">Eva Mar\u00eda Fornell Garc\u00eda ha recibido ayuda de la Uni\u00f3n Europea con cargo al Programa Operativo FEDER de Andaluc\u00eda 2014-2020, financiada como parte de la respuesta de la Uni\u00f3n a la pandemia de COVID-19 (REACT-UE), para compensar el sobrecoste energ\u00e9tico de gas natural y\/o electricidad a pymes y aut\u00f3nomos especialmente afectados por el incremento de los precios del gas natural y la electricidad provocados por el impacto de la guerra de agresi\u00f3n de Rusia contra Ucrania.<\/p>\n<\/div>\n<\/div><\/div>\n\n\n\n<div id=\"wp-block-themeisle-blocks-advanced-columns-d85c91f7\" class=\"wp-block-themeisle-blocks-advanced-columns alignfull has-3-columns has-desktop-equal-layout has-tablet-equal-layout has-mobile-collapsedRows-layout has-vertical-unset\"><div class=\"wp-block-themeisle-blocks-advanced-columns-overlay\"><\/div><div class=\"innerblocks-wrap\">\n<div id=\"wp-block-themeisle-blocks-advanced-column-9f7fecec\" class=\"wp-block-themeisle-blocks-advanced-column\">\n<h4 class=\"wp-block-heading has-nv-text-dark-bg-color has-text-color\"><strong>HOSTAL COL\u00d3N<\/strong><\/h4>\n\n\n\n<h2 class=\"wp-block-heading has-neve-link-hover-color-color has-text-color\"><strong>Edificio hist\u00f3rico<\/strong><\/h2>\n\n\n\n<p class=\"has-nv-text-dark-bg-color has-text-color\">En la tercera planta, hay una terraza techada y en la cuarta una azotea adaptada para uso de nuestros clientes desde donde puede apreciar las vistas de la Catedral.<\/p>\n\n\n\n<p><mark style=\"background-color:rgba(0, 0, 0, 0)\" class=\"has-inline-color has-nv-site-bg-color\">&nbsp;Debido a las caracter\u00edsticas arquitect\u00f3nicas de nuestro edificio no disponemos de ascensor.<\/mark><\/p>\n<\/div>\n\n\n\n<div id=\"wp-block-themeisle-blocks-advanced-column-77ec85d5\" class=\"wp-block-themeisle-blocks-advanced-column\"><\/div>\n\n\n\n<div id=\"wp-block-themeisle-blocks-advanced-column-914eb6e6\" class=\"wp-block-themeisle-blocks-advanced-column\"><\/div>\n<\/div><\/div>\n\n\n\n<div id=\"wp-block-themeisle-blocks-advanced-columns-dcaa243d\" class=\"wp-block-themeisle-blocks-advanced-columns alignfull has-1-columns has-desktop-equal-layout has-tablet-equal-layout has-mobile-collapsedRows-layout has-vertical-unset\"><div class=\"wp-block-themeisle-blocks-advanced-columns-overlay\"><\/div><div class=\"innerblocks-wrap\">\n<div id=\"wp-block-themeisle-blocks-advanced-column-adac992e\" class=\"wp-block-themeisle-blocks-advanced-column has-dark-bg\">\n<h2 class=\"wp-block-heading has-text-align-center has-white-color has-text-color\">Aparcamiento<\/h2>\n\n\n\n<p class=\"has-text-align-center has-white-color has-text-color\">Estamos en el centro pero con f\u00e1cil acceso a los m\u00faltiples aparcamientos que te ofrece la ciudad.<\/p>\n\n\n\n<div id=\"wp-block-themeisle-blocks-button-group-fefeb9df\" class=\"wp-block-themeisle-blocks-button-group wp-block-buttons align-center\">\n<div id=\"wp-block-themeisle-blocks-button-29eb8055\" class=\"wp-block-themeisle-blocks-button wp-block-button\"><a href=\"\/web\/contacto\/\" target=\"_self\" rel=\"noopener noreferrer\" class=\"wp-block-button__link\"><span><strong>CONTACTA CON NOSOTROS<\/strong><\/span><\/a><\/div>\n<\/div>\n\n\n\n<div style=\"height:20px\" aria-hidden=\"true\" class=\"wp-block-spacer\"><\/div>\n<\/div>\n<\/div><\/div>\n\n\n\n<div id=\"wp-block-themeisle-blocks-advanced-columns-1dbae0ce\" class=\"wp-block-themeisle-blocks-advanced-columns has-3-columns has-desktop-equal-layout has-tablet-equal-layout has-mobile-collapsedRows-layout has-vertical-unset has-default-gap\"><div class=\"wp-block-themeisle-blocks-advanced-columns-overlay\"><\/div><div class=\"innerblocks-wrap\">\n<div id=\"wp-block-themeisle-blocks-advanced-column-d0347de5\" class=\"wp-block-themeisle-blocks-advanced-column\"><\/div>\n\n\n\n<div id=\"wp-block-themeisle-blocks-advanced-column-8fca0c3f\" class=\"wp-block-themeisle-blocks-advanced-column\">\n<figure class=\"wp-block-image size-large\"><a href=\"https:\/\/www.tripadvisor.es\/Hotel_Review-g187432-d2259540-Reviews-Hostal_Colon-Cadiz_Costa_de_la_Luz_Andalucia.html%EF%BB%BF\" target=\"_blank\" rel=\"noopener\"><img loading=\"lazy\" decoding=\"async\" width=\"288\" height=\"235\" data-attachment-id=\"370\" data-permalink=\"https:\/\/www.hostalcolon.es\/web\/captura-de-pantalla-2019-04-13-a-las-12-05-27-1\/\" data-orig-file=\"https:\/\/www.hostalcolon.es\/web\/wp-content\/uploads\/2021\/06\/Captura-de-pantalla-2019-04-13-a-las-12.05.27-1.png\" data-orig-size=\"288,235\" data-comments-opened=\"1\" data-image-meta=\"{&quot;aperture&quot;:&quot;0&quot;,&quot;credit&quot;:&quot;&quot;,&quot;camera&quot;:&quot;&quot;,&quot;caption&quot;:&quot;&quot;,&quot;created_timestamp&quot;:&quot;0&quot;,&quot;copyright&quot;:&quot;&quot;,&quot;focal_length&quot;:&quot;0&quot;,&quot;iso&quot;:&quot;0&quot;,&quot;shutter_speed&quot;:&quot;0&quot;,&quot;title&quot;:&quot;&quot;,&quot;orientation&quot;:&quot;0&quot;}\" data-image-title=\"Captura-de-pantalla-2019-04-13-a-las-12.05.27-1\" data-image-description=\"\" data-image-caption=\"\" data-large-file=\"https:\/\/www.hostalcolon.es\/web\/wp-content\/uploads\/2021\/06\/Captura-de-pantalla-2019-04-13-a-las-12.05.27-1.png\" src=\"https:\/\/www.hostalcolon.es\/web\/wp-content\/uploads\/2021\/06\/Captura-de-pantalla-2019-04-13-a-las-12.05.27-1.png\" alt=\"\" class=\"wp-image-370\"\/><\/a><figcaption class=\"wp-element-caption\">Haz clic para ver lo que opinan sobre nosotros<\/figcaption><\/figure>\n<\/div>\n\n\n\n<div id=\"wp-block-themeisle-blocks-advanced-column-db190a55\" class=\"wp-block-themeisle-blocks-advanced-column\"><\/div>\n<\/div><\/div>\n","protected":false},"excerpt":{"rendered":"","protected":false},"author":1,"featured_media":0,"parent":0,"menu_order":0,"comment_status":"closed","ping_status":"closed","template":"","meta":{"neve_meta_sidebar":"full-width","neve_meta_container":"","neve_meta_enable_content_width":"on","neve_meta_content_width":100,"neve_meta_title_alignment":"","neve_meta_author_avatar":"","neve_post_elements_order":"","neve_meta_disable_header":"","neve_meta_disable_footer":"","neve_meta_disable_title":"on","neve_meta_reading_time":"","advanced_seo_description":"","jetpack_seo_html_title":"","jetpack_seo_noindex":false,"_themeisle_gutenberg_block_has_review":false,"footnotes":""},"class_list":["post-78","page","type-page","status-publish","hentry"],"jetpack_sharing_enabled":true,"_links":{"self":[{"href":"https:\/\/www.hostalcolon.es\/web\/wp-json\/wp\/v2\/pages\/78","targetHints":{"allow":["GET"]}}],"collection":[{"href":"https:\/\/www.hostalcolon.es\/web\/wp-json\/wp\/v2\/pages"}],"about":[{"href":"https:\/\/www.hostalcolon.es\/web\/wp-json\/wp\/v2\/types\/page"}],"author":[{"embeddable":true,"href":"https:\/\/www.hostalcolon.es\/web\/wp-json\/wp\/v2\/users\/1"}],"replies":[{"embeddable":true,"href":"https:\/\/www.hostalcolon.es\/web\/wp-json\/wp\/v2\/comments?post=78"}],"version-history":[{"count":32,"href":"https:\/\/www.hostalcolon.es\/web\/wp-json\/wp\/v2\/pages\/78\/revisions"}],"predecessor-version":[{"id":779,"href":"https:\/\/www.hostalcolon.es\/web\/wp-json\/wp\/v2\/pages\/78\/revisions\/779"}],"wp:attachment":[{"href":"https:\/\/www.hostalcolon.es\/web\/wp-json\/wp\/v2\/media?parent=78"}],"curies":[{"name":"wp","href":"https:\/\/api.w.org\/{rel}","templated":true}]}}